{"id":12882,"date":"2026-03-30T15:53:30","date_gmt":"2026-03-30T13:53:30","guid":{"rendered":"https:\/\/verandaland.be\/specialisations-de-verandaland\/veranda-middelkerke\/"},"modified":"2026-03-30T15:53:30","modified_gmt":"2026-03-30T13:53:30","slug":"veranda-middelkerke","status":"publish","type":"page","link":"https:\/\/verandaland.be\/fr\/specialisations-de-verandaland\/veranda-middelkerke\/","title":{"rendered":"Veranda Middelkerke\u00a0"},"content":{"rendered":"\t\t<div data-elementor-type=\"wp-post\" data-elementor-id=\"12882\" class=\"elementor elementor-12882 elementor-12970\" data-elementor-post-type=\"page\">\n\t\t\t\t<div class=\"elementor-element elementor-element-180749e e-flex e-con-boxed e-con e-parent\" data-id=\"180749e\" data-element_type=\"container\" data-e-type=\"container\" data-settings=\"{&quot;background_background&quot;:&quot;classic&quot;}\">\n\t\t\t\t\t<div class=\"e-con-inner\">\n\t\t\t\t<div class=\"elementor-element elementor-element-ba2de1e elementor-widget elementor-widget-ee-breadcrumbs\" data-id=\"ba2de1e\" data-element_type=\"widget\" data-e-type=\"widget\" data-widget_type=\"ee-breadcrumbs.default\">\n\t\t\t\t<div class=\"elementor-widget-container\">\n\t\t\t\t\t<ul class=\"ee-breadcrumbs\" itemscope=\"\" itemtype=\"http:\/\/schema.org\/BreadcrumbList\"><\/ul>\t\t\t\t<\/div>\n\t\t\t\t<\/div>\n\t\t\t\t<div class=\"elementor-element elementor-element-a1b125f elementor-widget elementor-widget-heading\" data-id=\"a1b125f\" data-element_type=\"widget\" data-e-type=\"widget\" data-widget_type=\"heading.default\">\n\t\t\t\t<div class=\"elementor-widget-container\">\n\t\t\t\t\t<h1 class=\"elementor-heading-title elementor-size-default\">V\u00e9randa \u00e0 Middelkerke<\/h1>\t\t\t\t<\/div>\n\t\t\t\t<\/div>\n\t\t\t\t<div class=\"elementor-element elementor-element-6e309db elementor-widget__width-initial elementor-widget elementor-widget-heading\" data-id=\"6e309db\" data-element_type=\"widget\" data-e-type=\"widget\" data-widget_type=\"heading.default\">\n\t\t\t\t<div class=\"elementor-widget-container\">\n\t\t\t\t\t<h2 class=\"elementor-heading-title elementor-size-default\">Faites entrer l\u2019ext\u00e9rieur \u00e0 l\u2019int\u00e9rieur avec une v\u00e9randa \u00e0 Middelkerke<\/h2>\t\t\t\t<\/div>\n\t\t\t\t<\/div>\n\t\t\t\t\t<\/div>\n\t\t\t\t<\/div>\n\t\t\t\t<section class=\"elementor-section elementor-top-section elementor-element elementor-element-af57847 elementor-section-boxed elementor-section-height-default elementor-section-height-default\" data-id=\"af57847\" data-element_type=\"section\" data-e-type=\"section\" data-settings=\"{&quot;background_background&quot;:&quot;classic&quot;}\">\n\t\t\t\t\t\t<div class=\"elementor-container elementor-column-gap-no\">\n\t\t\t\t\t<div class=\"elementor-column elementor-col-50 elementor-top-column elementor-element elementor-element-34153a6\" data-id=\"34153a6\" data-element_type=\"column\" data-e-type=\"column\">\n\t\t\t<div class=\"elementor-widget-wrap elementor-element-populated\">\n\t\t\t\t\t\t<div class=\"elementor-element elementor-element-ef66035 elementor-widget elementor-widget-heading\" data-id=\"ef66035\" data-element_type=\"widget\" data-e-type=\"widget\" data-widget_type=\"heading.default\">\n\t\t\t\t<div class=\"elementor-widget-container\">\n\t\t\t\t\t<h2 class=\"elementor-heading-title elementor-size-default\">Une v\u00e9randa comme extension ou agrandissement de maison \u00e0 Middelkerke<\/h2>\t\t\t\t<\/div>\n\t\t\t\t<\/div>\n\t\t\t\t<div class=\"elementor-element elementor-element-7deae47 elementor-widget elementor-widget-heading\" data-id=\"7deae47\" data-element_type=\"widget\" data-e-type=\"widget\" data-widget_type=\"heading.default\">\n\t\t\t\t<div class=\"elementor-widget-container\">\n\t\t\t\t\t<div class=\"elementor-heading-title elementor-size-default\">Plus d\u2019espace, plus de lumi\u00e8re et plus de confort de vie<\/div>\t\t\t\t<\/div>\n\t\t\t\t<\/div>\n\t\t\t\t<div class=\"elementor-element elementor-element-2aeb9c3 elementor-widget elementor-widget-text-editor\" data-id=\"2aeb9c3\" data-element_type=\"widget\" data-e-type=\"widget\" data-widget_type=\"text-editor.default\">\n\t\t\t\t<div class=\"elementor-widget-container\">\n\t\t\t\t\t\t\t\t\t<p>Vous habitez \u00e0 Middelkerke et vous cherchez un constructeur de v\u00e9randas pour votre nouvelle v\u00e9randa ? Une extension de maison ou une v\u00e9randa Verandaland est la solution id\u00e9ale pour agrandir votre habitation \u00e0 Middelkerke, tout en laissant entrer une belle quantit\u00e9 de lumi\u00e8re naturelle.<\/p>\t\t\t\t\t\t\t\t<\/div>\n\t\t\t\t<\/div>\n\t\t<div class=\"elementor-element elementor-element-28a6baa e-flex e-con-boxed e-con e-parent\" data-id=\"28a6baa\" data-element_type=\"container\" data-e-type=\"container\">\n\t\t\t\t\t<div class=\"e-con-inner\">\n\t\t\t\t<div class=\"elementor-element elementor-element-d326ef5 elementor-align-left elementor-mobile-align-center elementor-widget elementor-widget-button\" data-id=\"d326ef5\" data-element_type=\"widget\" data-e-type=\"widget\" data-widget_type=\"button.default\">\n\t\t\t\t<div class=\"elementor-widget-container\">\n\t\t\t\t\t\t\t\t\t<div class=\"elementor-button-wrapper\">\n\t\t\t\t\t<a class=\"elementor-button elementor-button-link elementor-size-sm\" href=\"https:\/\/verandaland.be\/fr\/visiter-le-showroom\/\">\n\t\t\t\t\t\t<span class=\"elementor-button-content-wrapper\">\n\t\t\t\t\t\t\t\t\t<span class=\"elementor-button-text\">Prendre rendez-vous<\/span>\n\t\t\t\t\t<\/span>\n\t\t\t\t\t<\/a>\n\t\t\t\t<\/div>\n\t\t\t\t\t\t\t\t<\/div>\n\t\t\t\t<\/div>\n\t\t\t\t<div class=\"elementor-element elementor-element-a6a935f elementor-align-left elementor-mobile-align-center elementor-widget elementor-widget-button\" data-id=\"a6a935f\" data-element_type=\"widget\" data-e-type=\"widget\" data-widget_type=\"button.default\">\n\t\t\t\t<div class=\"elementor-widget-container\">\n\t\t\t\t\t\t\t\t\t<div class=\"elementor-button-wrapper\">\n\t\t\t\t\t<a class=\"elementor-button elementor-button-link elementor-size-sm\" href=\"https:\/\/verandaland.be\/fr\/devis\/\">\n\t\t\t\t\t\t<span class=\"elementor-button-content-wrapper\">\n\t\t\t\t\t\t\t\t\t<span class=\"elementor-button-text\">Devis gratuit<\/span>\n\t\t\t\t\t<\/span>\n\t\t\t\t\t<\/a>\n\t\t\t\t<\/div>\n\t\t\t\t\t\t\t\t<\/div>\n\t\t\t\t<\/div>\n\t\t\t\t\t<\/div>\n\t\t\t\t<\/div>\n\t\t\t\t<div class=\"elementor-element elementor-element-535d1ef elementor-widget elementor-widget-text-editor\" data-id=\"535d1ef\" data-element_type=\"widget\" data-e-type=\"widget\" data-widget_type=\"text-editor.default\">\n\t\t\t\t<div class=\"elementor-widget-container\">\n\t\t\t\t\t\t\t\t\t<p>Ou calculez le prix de votre v\u00e9randa \u00e0 Middelkerke gr\u00e2ce \u00e0 notre <a href=\"https:\/\/verandaland.be\/fr\/calculer-le-prix-de-la-veranda\/\">calculateur<\/a> pratique.<\/p>\t\t\t\t\t\t\t\t<\/div>\n\t\t\t\t<\/div>\n\t\t\t\t\t<\/div>\n\t\t<\/div>\n\t\t\t\t<div class=\"elementor-column elementor-col-50 elementor-top-column elementor-element elementor-element-1d5c4aa\" data-id=\"1d5c4aa\" data-element_type=\"column\" data-e-type=\"column\" data-settings=\"{&quot;background_background&quot;:&quot;classic&quot;}\">\n\t\t\t<div class=\"elementor-widget-wrap elementor-element-populated\">\n\t\t\t\t\t\t<div class=\"elementor-element elementor-element-d8f7e3d elementor-hidden-tablet elementor-hidden-mobile elementor-widget elementor-widget-spacer\" data-id=\"d8f7e3d\" data-element_type=\"widget\" data-e-type=\"widget\" data-widget_type=\"spacer.default\">\n\t\t\t\t<div class=\"elementor-widget-container\">\n\t\t\t\t\t\t\t<div class=\"elementor-spacer\">\n\t\t\t<div class=\"elementor-spacer-inner\"><\/div>\n\t\t<\/div>\n\t\t\t\t\t\t<\/div>\n\t\t\t\t<\/div>\n\t\t\t\t<div class=\"elementor-element elementor-element-77d02d8 elementor-widget elementor-widget-image\" data-id=\"77d02d8\" data-element_type=\"widget\" data-e-type=\"widget\" data-widget_type=\"image.default\">\n\t\t\t\t<div class=\"elementor-widget-container\">\n\t\t\t\t\t\t\t\t\t\t\t\t<figure class=\"wp-caption\">\n\t\t\t\t\t\t\t\t\t\t<img fetchpriority=\"high\" decoding=\"async\" width=\"640\" height=\"436\" src=\"https:\/\/verandaland.be\/wp-content\/uploads\/2024\/11\/360-260-moderne-veranda.png\" class=\"attachment-large size-large wp-image-7543\" alt=\"veranda\" srcset=\"https:\/\/verandaland.be\/wp-content\/uploads\/2024\/11\/360-260-moderne-veranda.png 640w, https:\/\/verandaland.be\/wp-content\/uploads\/2024\/11\/360-260-moderne-veranda-300x204.png 300w\" sizes=\"(max-width: 640px) 100vw, 640px\" title=\"\">\t\t\t\t\t\t\t\t\t\t\t<figcaption class=\"widget-image-caption wp-caption-text\">R\u00e9alisation d\u2019une v\u00e9randa \u00e0 Middelkerke : maison et jardin en parfait \u00e9quilibre.<\/figcaption>\n\t\t\t\t\t\t\t\t\t\t<\/figure>\n\t\t\t\t\t\t\t\t\t<\/div>\n\t\t\t\t<\/div>\n\t\t\t\t\t<\/div>\n\t\t<\/div>\n\t\t\t\t\t<\/div>\n\t\t<\/section>\n\t\t<div class=\"elementor-element elementor-element-8b55daf e-flex e-con-boxed e-con e-parent\" data-id=\"8b55daf\" data-element_type=\"container\" data-e-type=\"container\">\n\t\t\t\t\t<div class=\"e-con-inner\">\n\t\t\t\t<div class=\"elementor-element elementor-element-876ac94 elementor-widget elementor-widget-heading\" data-id=\"876ac94\" data-element_type=\"widget\" data-e-type=\"widget\" data-widget_type=\"heading.default\">\n\t\t\t\t<div class=\"elementor-widget-container\">\n\t\t\t\t\t<h2 class=\"elementor-heading-title elementor-size-default\">Pourquoi choisir Verandaland pour votre v\u00e9randa \u00e0 Middelkerke ?<\/h2>\t\t\t\t<\/div>\n\t\t\t\t<\/div>\n\t\t\t\t\t<\/div>\n\t\t\t\t<\/div>\n\t\t\t\t<section class=\"elementor-section elementor-top-section elementor-element elementor-element-748bea2 elementor-section-boxed elementor-section-height-default elementor-section-height-default\" data-id=\"748bea2\" data-element_type=\"section\" data-e-type=\"section\">\n\t\t\t\t\t\t<div class=\"elementor-container elementor-column-gap-default\">\n\t\t\t\t\t<div class=\"elementor-column elementor-col-33 elementor-top-column elementor-element elementor-element-78b414a\" data-id=\"78b414a\" data-element_type=\"column\" data-e-type=\"column\">\n\t\t\t<div class=\"elementor-widget-wrap elementor-element-populated\">\n\t\t\t\t\t\t<div class=\"elementor-element elementor-element-3dc50d9 elementor-position-inline-start elementor-view-default elementor-mobile-position-block-start elementor-widget elementor-widget-icon-box\" data-id=\"3dc50d9\" data-element_type=\"widget\" data-e-type=\"widget\" data-widget_type=\"icon-box.default\">\n\t\t\t\t<div class=\"elementor-widget-container\">\n\t\t\t\t\t\t\t<div class=\"elementor-icon-box-wrapper\">\n\n\t\t\t\t\t\t<div class=\"elementor-icon-box-icon\">\n\t\t\t\t<span  class=\"elementor-icon\">\n\t\t\t\t<i aria-hidden=\"true\" class=\"far fa-handshake\"><\/i>\t\t\t\t<\/span>\n\t\t\t<\/div>\n\t\t\t\n\t\t\t\t\t\t<div class=\"elementor-icon-box-content\">\n\n\t\t\t\t\t\t\t\t\t<h3 class=\"elementor-icon-box-title\">\n\t\t\t\t\t\t<span  >\n\t\t\t\t\t\t\tDE A \u00c0 Z\t\t\t\t\t\t<\/span>\n\t\t\t\t\t<\/h3>\n\t\t\t\t\n\t\t\t\t\t\t\t\t\t<p class=\"elementor-icon-box-description\">\n\t\t\t\t\t\tVous cherchez un constructeur de v\u00e9randas pour une extension compl\u00e8te \u00e0 Middelkerke ? Nous nous occupons de tout : du tout premier croquis jusqu\u2019aux finitions. <b>Contrairement \u00e0 de nombreux autres acteurs, nous prenons en charge l\u2019ensemble du projet.<\/b>\t\t\t\t\t<\/p>\n\t\t\t\t\n\t\t\t<\/div>\n\t\t\t\n\t\t<\/div>\n\t\t\t\t\t\t<\/div>\n\t\t\t\t<\/div>\n\t\t\t\t\t<\/div>\n\t\t<\/div>\n\t\t\t\t<div class=\"elementor-column elementor-col-33 elementor-top-column elementor-element elementor-element-fa5a2a8\" data-id=\"fa5a2a8\" data-element_type=\"column\" data-e-type=\"column\">\n\t\t\t<div class=\"elementor-widget-wrap elementor-element-populated\">\n\t\t\t\t\t\t<div class=\"elementor-element elementor-element-1a05113 elementor-position-inline-start elementor-view-default elementor-mobile-position-block-start elementor-widget elementor-widget-icon-box\" data-id=\"1a05113\" data-element_type=\"widget\" data-e-type=\"widget\" data-widget_type=\"icon-box.default\">\n\t\t\t\t<div class=\"elementor-widget-container\">\n\t\t\t\t\t\t\t<div class=\"elementor-icon-box-wrapper\">\n\n\t\t\t\t\t\t<div class=\"elementor-icon-box-icon\">\n\t\t\t\t<span  class=\"elementor-icon\">\n\t\t\t\t<i aria-hidden=\"true\" class=\"far fa-money-bill-alt\"><\/i>\t\t\t\t<\/span>\n\t\t\t<\/div>\n\t\t\t\n\t\t\t\t\t\t<div class=\"elementor-icon-box-content\">\n\n\t\t\t\t\t\t\t\t\t<h3 class=\"elementor-icon-box-title\">\n\t\t\t\t\t\t<span  >\n\t\t\t\t\t\t\tRAPPORT QUALIT\u00c9-PRIX\t\t\t\t\t\t<\/span>\n\t\t\t\t\t<\/h3>\n\t\t\t\t\n\t\t\t\t\t\t\t\t\t<p class=\"elementor-icon-box-description\">\n\t\t\t\t\t\tNous garantissons une qualit\u00e9 irr\u00e9prochable pour chaque habitation. Nous restons attentifs aux <b>meilleures conditions d\u2019achat <\/b>afin que vous profitiez du meilleur rapport qualit\u00e9-prix.\t\t\t\t\t<\/p>\n\t\t\t\t\n\t\t\t<\/div>\n\t\t\t\n\t\t<\/div>\n\t\t\t\t\t\t<\/div>\n\t\t\t\t<\/div>\n\t\t\t\t\t<\/div>\n\t\t<\/div>\n\t\t\t\t<div class=\"elementor-column elementor-col-33 elementor-top-column elementor-element elementor-element-e8aea94\" data-id=\"e8aea94\" data-element_type=\"column\" data-e-type=\"column\">\n\t\t\t<div class=\"elementor-widget-wrap elementor-element-populated\">\n\t\t\t\t\t\t<div class=\"elementor-element elementor-element-2e8cacb elementor-position-inline-start elementor-view-default elementor-mobile-position-block-start elementor-widget elementor-widget-icon-box\" data-id=\"2e8cacb\" data-element_type=\"widget\" data-e-type=\"widget\" data-widget_type=\"icon-box.default\">\n\t\t\t\t<div class=\"elementor-widget-container\">\n\t\t\t\t\t\t\t<div class=\"elementor-icon-box-wrapper\">\n\n\t\t\t\t\t\t<div class=\"elementor-icon-box-icon\">\n\t\t\t\t<span  class=\"elementor-icon\">\n\t\t\t\t<i aria-hidden=\"true\" class=\"far fa-heart\"><\/i>\t\t\t\t<\/span>\n\t\t\t<\/div>\n\t\t\t\n\t\t\t\t\t\t<div class=\"elementor-icon-box-content\">\n\n\t\t\t\t\t\t\t\t\t<h3 class=\"elementor-icon-box-title\">\n\t\t\t\t\t\t<span  >\n\t\t\t\t\t\t\tSERVICE ET APR\u00c8S-VENTE\t\t\t\t\t\t<\/span>\n\t\t\t\t\t<\/h3>\n\t\t\t\t\n\t\t\t\t\t\t\t\t\t<p class=\"elementor-icon-box-description\">\n\t\t\t\t\t\tNous voulons que vous profitiez de votre nouvelle v\u00e9randa \u00e0 Middelkerke avec le sourire. C\u2019est pourquoi nous vous accompagnons non seulement <b>pendant la construction, mais aussi pendant de nombreuses ann\u00e9es apr\u00e8s.<\/b> \t\t\t\t\t<\/p>\n\t\t\t\t\n\t\t\t<\/div>\n\t\t\t\n\t\t<\/div>\n\t\t\t\t\t\t<\/div>\n\t\t\t\t<\/div>\n\t\t\t\t\t<\/div>\n\t\t<\/div>\n\t\t\t\t\t<\/div>\n\t\t<\/section>\n\t\t\t\t<section class=\"elementor-section elementor-top-section elementor-element elementor-element-23f9ffc elementor-section-boxed elementor-section-height-default elementor-section-height-default\" data-id=\"23f9ffc\" data-element_type=\"section\" data-e-type=\"section\">\n\t\t\t\t\t\t<div class=\"elementor-container elementor-column-gap-default\">\n\t\t\t\t\t<div class=\"elementor-column elementor-col-33 elementor-top-column elementor-element elementor-element-cc5710d\" data-id=\"cc5710d\" data-element_type=\"column\" data-e-type=\"column\">\n\t\t\t<div class=\"elementor-widget-wrap elementor-element-populated\">\n\t\t\t\t\t\t<div class=\"elementor-element elementor-element-8aa2786 elementor-position-inline-start elementor-view-default elementor-mobile-position-block-start elementor-widget elementor-widget-icon-box\" data-id=\"8aa2786\" data-element_type=\"widget\" data-e-type=\"widget\" data-widget_type=\"icon-box.default\">\n\t\t\t\t<div class=\"elementor-widget-container\">\n\t\t\t\t\t\t\t<div class=\"elementor-icon-box-wrapper\">\n\n\t\t\t\t\t\t<div class=\"elementor-icon-box-icon\">\n\t\t\t\t<span  class=\"elementor-icon\">\n\t\t\t\t<i aria-hidden=\"true\" class=\"fas fa-wrench\"><\/i>\t\t\t\t<\/span>\n\t\t\t<\/div>\n\t\t\t\n\t\t\t\t\t\t<div class=\"elementor-icon-box-content\">\n\n\t\t\t\t\t\t\t\t\t<h3 class=\"elementor-icon-box-title\">\n\t\t\t\t\t\t<span  >\n\t\t\t\t\t\t\tATELIER PROPRE\t\t\t\t\t\t<\/span>\n\t\t\t\t\t<\/h3>\n\t\t\t\t\n\t\t\t\t\t\t\t\t\t<p class=\"elementor-icon-box-description\">\n\t\t\t\t\t\tDans notre atelier, nous pr\u00e9parons chaque \u00e9l\u00e9ment dans les moindres d\u00e9tails afin que le montage \u00e0 Middelkerke se d\u00e9roule parfaitement. Gr\u00e2ce \u00e0 notre <b>production interne, nous pouvons garantir une qualit\u00e9 maximale.<\/b>\t\t\t\t\t<\/p>\n\t\t\t\t\n\t\t\t<\/div>\n\t\t\t\n\t\t<\/div>\n\t\t\t\t\t\t<\/div>\n\t\t\t\t<\/div>\n\t\t\t\t\t<\/div>\n\t\t<\/div>\n\t\t\t\t<div class=\"elementor-column elementor-col-33 elementor-top-column elementor-element elementor-element-cebaa42\" data-id=\"cebaa42\" data-element_type=\"column\" data-e-type=\"column\">\n\t\t\t<div class=\"elementor-widget-wrap elementor-element-populated\">\n\t\t\t\t\t\t<div class=\"elementor-element elementor-element-328c2b5 elementor-position-inline-start elementor-view-default elementor-mobile-position-block-start elementor-widget elementor-widget-icon-box\" data-id=\"328c2b5\" data-element_type=\"widget\" data-e-type=\"widget\" data-widget_type=\"icon-box.default\">\n\t\t\t\t<div class=\"elementor-widget-container\">\n\t\t\t\t\t\t\t<div class=\"elementor-icon-box-wrapper\">\n\n\t\t\t\t\t\t<div class=\"elementor-icon-box-icon\">\n\t\t\t\t<span  class=\"elementor-icon\">\n\t\t\t\t<i aria-hidden=\"true\" class=\"far fa-map\"><\/i>\t\t\t\t<\/span>\n\t\t\t<\/div>\n\t\t\t\n\t\t\t\t\t\t<div class=\"elementor-icon-box-content\">\n\n\t\t\t\t\t\t\t\t\t<h3 class=\"elementor-icon-box-title\">\n\t\t\t\t\t\t<span  >\n\t\t\t\t\t\t\tUN VRAI SHOWROOM\t\t\t\t\t\t<\/span>\n\t\t\t\t\t<\/h3>\n\t\t\t\t\n\t\t\t\t\t\t\t\t\t<p class=\"elementor-icon-box-description\">\n\t\t\t\t\t\tDans notre showroom unique, situ\u00e9 \u00e0 la sortie d\u2019autoroute \u00e0 Waregem, vous d\u00e9couvrirez des <b>v\u00e9randas enti\u00e8rement reconstitu\u00e9es \u00e0 taille r\u00e9elle<\/b>. Venez depuis Middelkerke pour d\u00e9couvrir les mat\u00e9riaux et l\u2019ambiance.\t\t\t\t\t<\/p>\n\t\t\t\t\n\t\t\t<\/div>\n\t\t\t\n\t\t<\/div>\n\t\t\t\t\t\t<\/div>\n\t\t\t\t<\/div>\n\t\t\t\t\t<\/div>\n\t\t<\/div>\n\t\t\t\t<div class=\"elementor-column elementor-col-33 elementor-top-column elementor-element elementor-element-8b6ffd6\" data-id=\"8b6ffd6\" data-element_type=\"column\" data-e-type=\"column\">\n\t\t\t<div class=\"elementor-widget-wrap elementor-element-populated\">\n\t\t\t\t\t\t<div class=\"elementor-element elementor-element-a8cab3a elementor-position-inline-start elementor-view-default elementor-mobile-position-block-start elementor-widget elementor-widget-icon-box\" data-id=\"a8cab3a\" data-element_type=\"widget\" data-e-type=\"widget\" data-widget_type=\"icon-box.default\">\n\t\t\t\t<div class=\"elementor-widget-container\">\n\t\t\t\t\t\t\t<div class=\"elementor-icon-box-wrapper\">\n\n\t\t\t\t\t\t<div class=\"elementor-icon-box-icon\">\n\t\t\t\t<span  class=\"elementor-icon\">\n\t\t\t\t<i aria-hidden=\"true\" class=\"far fa-clock\"><\/i>\t\t\t\t<\/span>\n\t\t\t<\/div>\n\t\t\t\n\t\t\t\t\t\t<div class=\"elementor-icon-box-content\">\n\n\t\t\t\t\t\t\t\t\t<h3 class=\"elementor-icon-box-title\">\n\t\t\t\t\t\t<span  >\n\t\t\t\t\t\t\tAUSSI OUVERT LE WEEK-END\t\t\t\t\t\t<\/span>\n\t\t\t\t\t<\/h3>\n\t\t\t\t\n\t\t\t\t\t\t\t\t\t<p class=\"elementor-icon-box-description\">\n\t\t\t\t\t\tNotre showroom est ouvert le week-end. Nous sommes uniquement ferm\u00e9s le lundi et les jours f\u00e9ri\u00e9s.\nVous pr\u00e9f\u00e9rez que nous venions chez vous ? Aucun probl\u00e8me. Nous nous rendons volontiers \u00e0 Middelkerke pour un conseil personnalis\u00e9.\t\t\t\t\t<\/p>\n\t\t\t\t\n\t\t\t<\/div>\n\t\t\t\n\t\t<\/div>\n\t\t\t\t\t\t<\/div>\n\t\t\t\t<\/div>\n\t\t\t\t\t<\/div>\n\t\t<\/div>\n\t\t\t\t\t<\/div>\n\t\t<\/section>\n\t\t\t\t<section class=\"elementor-section elementor-top-section elementor-element elementor-element-3c65645 elementor-section-content-middle elementor-section-boxed elementor-section-height-default elementor-section-height-default\" data-id=\"3c65645\" data-element_type=\"section\" data-e-type=\"section\">\n\t\t\t\t\t\t\t<div class=\"elementor-background-overlay\"><\/div>\n\t\t\t\t\t\t\t<div class=\"elementor-container elementor-column-gap-no\">\n\t\t\t\t\t<div class=\"elementor-column elementor-col-33 elementor-top-column elementor-element elementor-element-82248d1\" data-id=\"82248d1\" data-element_type=\"column\" data-e-type=\"column\">\n\t\t\t<div class=\"elementor-widget-wrap elementor-element-populated\">\n\t\t\t\t\t\t<div class=\"elementor-element elementor-element-32534c1 elementor-widget elementor-widget-html\" data-id=\"32534c1\" data-element_type=\"widget\" data-e-type=\"widget\" data-widget_type=\"html.default\">\n\t\t\t\t<div class=\"elementor-widget-container\">\n\t\t\t\t\t<iframe src=\"https:\/\/www.google.com\/maps\/embed?pb=!1m18!1m12!1m3!1d3140.8661294113385!2d3.4403193771541782!3d50.86933627167516!2m3!1f0!2f0!3f0!3m2!1i1024!2i768!4f13.1!3m3!1m2!1s0x47c31672afd6573b%3A0x48310ed965ad09b9!2sVerandaland!5e1!3m2!1snl!2sbe!4v1772533302931!5m2!1snl!2sbe\" width=\"600\" height=\"450\" style=\"border:0;\" allowfullscreen=\"\" loading=\"lazy\" referrerpolicy=\"no-referrer-when-downgrade\"><\/iframe>\t\t\t\t<\/div>\n\t\t\t\t<\/div>\n\t\t\t\t\t<\/div>\n\t\t<\/div>\n\t\t\t\t<div class=\"elementor-column elementor-col-66 elementor-top-column elementor-element elementor-element-afd68ff\" data-id=\"afd68ff\" data-element_type=\"column\" data-e-type=\"column\" data-settings=\"{&quot;background_background&quot;:&quot;classic&quot;}\">\n\t\t\t<div class=\"elementor-widget-wrap elementor-element-populated\">\n\t\t\t\t\t\t<div class=\"elementor-element elementor-element-6da653e elementor-widget elementor-widget-heading\" data-id=\"6da653e\" data-element_type=\"widget\" data-e-type=\"widget\" data-widget_type=\"heading.default\">\n\t\t\t\t<div class=\"elementor-widget-container\">\n\t\t\t\t\t<h2 class=\"elementor-heading-title elementor-size-default\">Visitez notre showroom : situ\u00e9 \u00e0 la sortie de l\u2019autoroute<\/h2>\t\t\t\t<\/div>\n\t\t\t\t<\/div>\n\t\t\t\t<div class=\"elementor-element elementor-element-7715887 elementor-widget elementor-widget-text-editor\" data-id=\"7715887\" data-element_type=\"widget\" data-e-type=\"widget\" data-widget_type=\"text-editor.default\">\n\t\t\t\t<div class=\"elementor-widget-container\">\n\t\t\t\t\t\t\t\t\t<p>Rendez-nous visite dans notre showroom : nous sommes situ\u00e9s juste \u00e0 la <strong>sortie de Waregem<\/strong>, vous y serez donc rapidement depuis Middelkerke ! Saviez-vous qu\u2019une visite de notre atelier de production est \u00e9galement possible ? Appelez-nous pour fixer un rendez-vous ou prenez rendez-vous en ligne via notre agenda. <strong>Le samedi et le dimanche, le showroom est ouvert de 14h00 \u00e0 17h00.<\/strong><\/p>\t\t\t\t\t\t\t\t<\/div>\n\t\t\t\t<\/div>\n\t\t\t\t<div class=\"elementor-element elementor-element-c263f49 elementor-align-left elementor-widget elementor-widget-button\" data-id=\"c263f49\" data-element_type=\"widget\" data-e-type=\"widget\" data-widget_type=\"button.default\">\n\t\t\t\t<div class=\"elementor-widget-container\">\n\t\t\t\t\t\t\t\t\t<div class=\"elementor-button-wrapper\">\n\t\t\t\t\t<a class=\"elementor-button elementor-button-link elementor-size-sm\" href=\"https:\/\/verandaland.be\/fr\/visiter-le-showroom\/\">\n\t\t\t\t\t\t<span class=\"elementor-button-content-wrapper\">\n\t\t\t\t\t\t\t\t\t<span class=\"elementor-button-text\">Prendre rendez-vous<\/span>\n\t\t\t\t\t<\/span>\n\t\t\t\t\t<\/a>\n\t\t\t\t<\/div>\n\t\t\t\t\t\t\t\t<\/div>\n\t\t\t\t<\/div>\n\t\t\t\t\t<\/div>\n\t\t<\/div>\n\t\t\t\t\t<\/div>\n\t\t<\/section>\n\t\t\t\t<section class=\"elementor-section elementor-top-section elementor-element elementor-element-f615402 elementor-section-content-middle elementor-section-boxed elementor-section-height-default elementor-section-height-default\" data-id=\"f615402\" data-element_type=\"section\" data-e-type=\"section\" data-settings=\"{&quot;background_background&quot;:&quot;classic&quot;}\">\n\t\t\t\t\t\t<div class=\"elementor-container elementor-column-gap-default\">\n\t\t\t\t\t<div class=\"elementor-column elementor-col-50 elementor-top-column elementor-element elementor-element-4e6151f\" data-id=\"4e6151f\" data-element_type=\"column\" data-e-type=\"column\">\n\t\t\t<div class=\"elementor-widget-wrap elementor-element-populated\">\n\t\t\t\t\t\t<div class=\"elementor-element elementor-element-1252dd9 elementor-widget elementor-widget-heading\" data-id=\"1252dd9\" data-element_type=\"widget\" data-e-type=\"widget\" data-widget_type=\"heading.default\">\n\t\t\t\t<div class=\"elementor-widget-container\">\n\t\t\t\t\t<h2 class=\"elementor-heading-title elementor-size-default\">Quel est le prix moyen d\u2019une v\u00e9randa sur mesure \u00e0 Middelkerke ?<\/h2>\t\t\t\t<\/div>\n\t\t\t\t<\/div>\n\t\t\t\t<div class=\"elementor-element elementor-element-f19b476 elementor-widget elementor-widget-text-editor\" data-id=\"f19b476\" data-element_type=\"widget\" data-e-type=\"widget\" data-widget_type=\"text-editor.default\">\n\t\t\t\t<div class=\"elementor-widget-container\">\n\t\t\t\t\t\t\t\t\t<p>Le prix de votre v\u00e9randa, extension ou agrandissement d\u00e9pend de plusieurs facteurs, tels que :<\/p>\t\t\t\t\t\t\t\t<\/div>\n\t\t\t\t<\/div>\n\t\t\t\t<div class=\"elementor-element elementor-element-60a9ccf elementor-icon-list--layout-traditional elementor-list-item-link-full_width elementor-widget elementor-widget-icon-list\" data-id=\"60a9ccf\" data-element_type=\"widget\" data-e-type=\"widget\" data-widget_type=\"icon-list.default\">\n\t\t\t\t<div class=\"elementor-widget-container\">\n\t\t\t\t\t\t\t<ul class=\"elementor-icon-list-items\">\n\t\t\t\t\t\t\t<li class=\"elementor-icon-list-item\">\n\t\t\t\t\t\t\t\t\t\t\t<span class=\"elementor-icon-list-icon\">\n\t\t\t\t\t\t\t<i aria-hidden=\"true\" class=\"fas fa-check\"><\/i>\t\t\t\t\t\t<\/span>\n\t\t\t\t\t\t\t\t\t\t<span class=\"elementor-icon-list-text\">le mod\u00e8le et les dimensions de l\u2019extension<\/span>\n\t\t\t\t\t\t\t\t\t<\/li>\n\t\t\t\t\t\t\t\t<li class=\"elementor-icon-list-item\">\n\t\t\t\t\t\t\t\t\t\t\t<span class=\"elementor-icon-list-icon\">\n\t\t\t\t\t\t\t<i aria-hidden=\"true\" class=\"fas fa-check\"><\/i>\t\t\t\t\t\t<\/span>\n\t\t\t\t\t\t\t\t\t\t<span class=\"elementor-icon-list-text\">le choix des mat\u00e9riaux et le niveau de finition<\/span>\n\t\t\t\t\t\t\t\t\t<\/li>\n\t\t\t\t\t\t\t\t<li class=\"elementor-icon-list-item\">\n\t\t\t\t\t\t\t\t\t\t\t<span class=\"elementor-icon-list-icon\">\n\t\t\t\t\t\t\t<i aria-hidden=\"true\" class=\"fas fa-check\"><\/i>\t\t\t\t\t\t<\/span>\n\t\t\t\t\t\t\t\t\t\t<span class=\"elementor-icon-list-text\">les finitions souhait\u00e9es, comme le chauffage, l\u2019\u00e9clairage, les moustiquaires, les travaux de peinture ou la terrasse<\/span>\n\t\t\t\t\t\t\t\t\t<\/li>\n\t\t\t\t\t\t<\/ul>\n\t\t\t\t\t\t<\/div>\n\t\t\t\t<\/div>\n\t\t\t\t<div class=\"elementor-element elementor-element-43d132d elementor-widget elementor-widget-text-editor\" data-id=\"43d132d\" data-element_type=\"widget\" data-e-type=\"widget\" data-widget_type=\"text-editor.default\">\n\t\t\t\t<div class=\"elementor-widget-container\">\n\t\t\t\t\t\t\t\t\t<p>Le co\u00fbt d\u2019une v\u00e9randa d\u00e9pend donc enti\u00e8rement de vos envies et des sp\u00e9cificit\u00e9s de votre projet. \u00c0 titre indicatif, vous pouvez compter en <strong>moyenne<\/strong> entre <strong>1.500 \u20ac et 3.000 \u20ac par m\u00e8tre carr\u00e9<\/strong>, travaux compris.<\/p><p>Le saviez-vous ?<br \/><em>Comme nous pr\u00e9parons tout dans notre propre atelier et assurons nous-m\u00eames le montage \u00e0 Middelkerke, nous pouvons proposer des prix tr\u00e8s comp\u00e9titifs, sans compromis sur la qualit\u00e9.<\/em><\/p>\t\t\t\t\t\t\t\t<\/div>\n\t\t\t\t<\/div>\n\t\t\t\t<div class=\"elementor-element elementor-element-a5bea97 elementor-align-left elementor-mobile-align-center elementor-widget elementor-widget-button\" data-id=\"a5bea97\" data-element_type=\"widget\" data-e-type=\"widget\" data-widget_type=\"button.default\">\n\t\t\t\t<div class=\"elementor-widget-container\">\n\t\t\t\t\t\t\t\t\t<div class=\"elementor-button-wrapper\">\n\t\t\t\t\t<a class=\"elementor-button elementor-button-link elementor-size-sm\" href=\"https:\/\/verandaland.be\/fr\/calculer-le-prix-de-la-veranda\/\">\n\t\t\t\t\t\t<span class=\"elementor-button-content-wrapper\">\n\t\t\t\t\t\t\t\t\t<span class=\"elementor-button-text\">Calculez le prix de votre v\u00e9randa<\/span>\n\t\t\t\t\t<\/span>\n\t\t\t\t\t<\/a>\n\t\t\t\t<\/div>\n\t\t\t\t\t\t\t\t<\/div>\n\t\t\t\t<\/div>\n\t\t\t\t\t<\/div>\n\t\t<\/div>\n\t\t\t\t<div class=\"elementor-column elementor-col-50 elementor-top-column elementor-element elementor-element-8a533f3\" data-id=\"8a533f3\" data-element_type=\"column\" data-e-type=\"column\">\n\t\t\t<div class=\"elementor-widget-wrap elementor-element-populated\">\n\t\t\t\t\t\t<div class=\"elementor-element elementor-element-823f32a elementor-widget elementor-widget-image\" data-id=\"823f32a\" data-element_type=\"widget\" data-e-type=\"widget\" data-widget_type=\"image.default\">\n\t\t\t\t<div class=\"elementor-widget-container\">\n\t\t\t\t\t\t\t\t\t\t\t\t\t\t\t<img decoding=\"async\" width=\"564\" height=\"421\" src=\"https:\/\/verandaland.be\/wp-content\/uploads\/2021\/01\/Moderne-leefveranda-te-bredene.jpg\" class=\"attachment-large size-large wp-image-2176\" alt=\"\" srcset=\"https:\/\/verandaland.be\/wp-content\/uploads\/2021\/01\/Moderne-leefveranda-te-bredene.jpg 564w, https:\/\/verandaland.be\/wp-content\/uploads\/2021\/01\/Moderne-leefveranda-te-bredene-300x224.jpg 300w\" sizes=\"(max-width: 564px) 100vw, 564px\" title=\"\">\t\t\t\t\t\t\t\t\t\t\t\t\t\t\t<\/div>\n\t\t\t\t<\/div>\n\t\t\t\t<div class=\"elementor-element elementor-element-e3f22a2 elementor-widget elementor-widget-text-editor\" data-id=\"e3f22a2\" data-element_type=\"widget\" data-e-type=\"widget\" data-widget_type=\"text-editor.default\">\n\t\t\t\t<div class=\"elementor-widget-container\">\n\t\t\t\t\t\t\t\t\t<p><strong>Vous avez un budget pr\u00e9cis en t\u00eate ?<\/strong> Venez b\u00e9n\u00e9ficier de conseils personnalis\u00e9s dans notre showroom.<\/p>\t\t\t\t\t\t\t\t<\/div>\n\t\t\t\t<\/div>\n\t\t\t\t<div class=\"elementor-element elementor-element-7bccde4 elementor-align-left elementor-mobile-align-center elementor-widget elementor-widget-button\" data-id=\"7bccde4\" data-element_type=\"widget\" data-e-type=\"widget\" data-widget_type=\"button.default\">\n\t\t\t\t<div class=\"elementor-widget-container\">\n\t\t\t\t\t\t\t\t\t<div class=\"elementor-button-wrapper\">\n\t\t\t\t\t<a class=\"elementor-button elementor-button-link elementor-size-sm\" href=\"https:\/\/verandaland.be\/fr\/visiter-le-showroom\/\">\n\t\t\t\t\t\t<span class=\"elementor-button-content-wrapper\">\n\t\t\t\t\t\t\t\t\t<span class=\"elementor-button-text\">Planifiez un rendez-vous dans notre showroom<\/span>\n\t\t\t\t\t<\/span>\n\t\t\t\t\t<\/a>\n\t\t\t\t<\/div>\n\t\t\t\t\t\t\t\t<\/div>\n\t\t\t\t<\/div>\n\t\t\t\t\t<\/div>\n\t\t<\/div>\n\t\t\t\t\t<\/div>\n\t\t<\/section>\n\t\t\t\t<section class=\"elementor-section elementor-top-section elementor-element elementor-element-285282e elementor-section-content-middle elementor-section-boxed elementor-section-height-default elementor-section-height-default\" data-id=\"285282e\" data-element_type=\"section\" data-e-type=\"section\" data-settings=\"{&quot;background_background&quot;:&quot;classic&quot;}\">\n\t\t\t\t\t\t<div class=\"elementor-container elementor-column-gap-default\">\n\t\t\t\t\t<div class=\"elementor-column elementor-col-100 elementor-top-column elementor-element elementor-element-9d31bef\" data-id=\"9d31bef\" data-element_type=\"column\" data-e-type=\"column\" data-settings=\"{&quot;background_background&quot;:&quot;classic&quot;}\">\n\t\t\t<div class=\"elementor-widget-wrap elementor-element-populated\">\n\t\t\t\t\t\t<div class=\"elementor-element elementor-element-79f939e elementor-widget elementor-widget-heading\" data-id=\"79f939e\" data-element_type=\"widget\" data-e-type=\"widget\" data-widget_type=\"heading.default\">\n\t\t\t\t<div class=\"elementor-widget-container\">\n\t\t\t\t\t<h2 class=\"elementor-heading-title elementor-size-default\">FAQ sur les v\u00e9randas \u00e0 Middelkerke<\/h2>\t\t\t\t<\/div>\n\t\t\t\t<\/div>\n\t\t\t\t<div class=\"elementor-element elementor-element-16575e7 elementor-widget elementor-widget-text-editor\" data-id=\"16575e7\" data-element_type=\"widget\" data-e-type=\"widget\" data-widget_type=\"text-editor.default\">\n\t\t\t\t<div class=\"elementor-widget-container\">\n\t\t\t\t\t\t\t\t\t<p><strong>1. Ai-je besoin d\u2019un permis d\u2019urbanisme pour une v\u00e9randa \u00e0 Middelkerke ?<br \/><\/strong>Depuis la modification l\u00e9gislative du 1er mars 2026, l\u2019obligation de d\u00e9claration a \u00e9t\u00e9 supprim\u00e9e. Si le volume n\u2019existe pas encore, une extension d\u2019habitation peut \u00eatre demand\u00e9e au moyen d\u2019un permis d\u2019environnement. Si la v\u00e9randa fait moins de 40 m\u00b2 et se compose \u00e0 75 % de verre, cela reste possible sans l\u2019intervention d\u2019un architecte. Vous voulez savoir si des prescriptions locales sp\u00e9cifiques s\u2019appliquent \u00e0 votre projet \u00e0 Middelkerke ? N\u2019h\u00e9sitez pas \u00e0 demander conseil \u00e0 nos experts.<\/p><p><strong>2. Venez-vous aussi \u00e0 domicile \u00e0 Middelkerke pour un entretien-conseil gratuit ?<br \/><\/strong>Bien s\u00fbr ! Nos experts se rendent volontiers chez vous \u00e0 Middelkerke pour analyser la situation sur place. Nous vous donnons des conseils personnalis\u00e9s sur la meilleure orientation, les bonnes dimensions et les mat\u00e9riaux les plus adapt\u00e9s \u00e0 votre v\u00e9randa.<\/p><p><b>3. Combien de temps dure la construction compl\u00e8te d\u2019une v\u00e9randa \u00e0 Middelkerke ?<\/b><b><br \/><\/b>Du <a href=\"https:\/\/verandaland.be\/fr\/projet-de-a-a-z\/\">premier projet jusqu\u2019\u00e0 la livraison finale<\/a> de votre v\u00e9randa \u00e0 Middelkerke, nous visons un d\u00e9lai de r\u00e9alisation de 16 \u00e0 20 semaines. Comme la production est pr\u00e9par\u00e9e dans notre propre atelier, nous limitons les nuisances \u00e0 votre domicile \u00e0 Middelkerke au strict minimum. Le montage sur place ne dure g\u00e9n\u00e9ralement que quelques jours, pour que vous puissiez profiter rapidement de votre nouvel espace de vie.<\/p><p><b>4. Puis-je utiliser une v\u00e9randa \u00e0 Middelkerke comme pi\u00e8ce de vie toute l\u2019ann\u00e9e ?<\/b><b><br \/><\/b>Absolument ! Nos v\u00e9randas \u00e0 vivre \u00e0 Middelkerke sont \u00e9quip\u00e9es de profil\u00e9s \u00e0 rupture thermique et de vitrage isolant. R\u00e9sultat : il y fait agr\u00e9ablement frais en \u00e9t\u00e9 et confortablement chaud en hiver. Qu\u2019il g\u00e8le ou que le soleil brille, votre habitation \u00e0 Middelkerke gagne une pi\u00e8ce suppl\u00e9mentaire \u00e0 part enti\u00e8re, parfaitement adapt\u00e9e au climat belge.<\/p>\t\t\t\t\t\t\t\t<\/div>\n\t\t\t\t<\/div>\n\t\t\t\t<div class=\"elementor-element elementor-element-324e232 elementor-align-left elementor-mobile-align-center elementor-widget elementor-widget-button\" data-id=\"324e232\" data-element_type=\"widget\" data-e-type=\"widget\" data-widget_type=\"button.default\">\n\t\t\t\t<div class=\"elementor-widget-container\">\n\t\t\t\t\t\t\t\t\t<div class=\"elementor-button-wrapper\">\n\t\t\t\t\t<a class=\"elementor-button elementor-button-link elementor-size-sm\" href=\"https:\/\/verandaland.be\/fr\/devis\/\">\n\t\t\t\t\t\t<span class=\"elementor-button-content-wrapper\">\n\t\t\t\t\t\t\t\t\t<span class=\"elementor-button-text\">Demandez un devis<\/span>\n\t\t\t\t\t<\/span>\n\t\t\t\t\t<\/a>\n\t\t\t\t<\/div>\n\t\t\t\t\t\t\t\t<\/div>\n\t\t\t\t<\/div>\n\t\t\t\t\t<\/div>\n\t\t<\/div>\n\t\t\t\t\t<\/div>\n\t\t<\/section>\n\t\t<div class=\"elementor-element elementor-element-2def0ae e-flex e-con-boxed e-con e-parent\" data-id=\"2def0ae\" data-element_type=\"container\" data-e-type=\"container\">\n\t\t\t\t\t<div class=\"e-con-inner\">\n\t\t\t\t<div class=\"elementor-element elementor-element-f777e0e elementor-widget elementor-widget-shortcode\" data-id=\"f777e0e\" data-element_type=\"widget\" data-e-type=\"widget\" data-widget_type=\"shortcode.default\">\n\t\t\t\t<div class=\"elementor-widget-container\">\n\t\t\t\t\t\t\t<div class=\"elementor-shortcode\"><iframe title=\"Google map of Middelkerke\" class=\"page-generator-pro-map\" width=\"100%\" height=\"350\" frameborder=\"0\" style=\"border:0\" src=\"https:\/\/www.google.com\/maps\/embed\/v1\/place?q=Middelkerke&#038;zoom=14&#038;maptype=roadmap&#038;key=AIzaSyCNTEOso0tZG6YMSJFoaJEY5Th1stEWrJI\" referrerpolicy=\"no-referrer-when-downgrade\" allowfullscreen><\/iframe><\/div>\n\t\t\t\t\t\t<\/div>\n\t\t\t\t<\/div>\n\t\t\t\t\t<\/div>\n\t\t\t\t<\/div>\n\t\t<div class=\"elementor-element elementor-element-eb59acf e-flex e-con-boxed e-con e-parent\" data-id=\"eb59acf\" data-element_type=\"container\" data-e-type=\"container\">\n\t\t\t\t\t<div class=\"e-con-inner\">\n\t\t\t\t<div class=\"elementor-element elementor-element-b28781d elementor-widget elementor-widget-heading\" data-id=\"b28781d\" data-element_type=\"widget\" data-e-type=\"widget\" data-widget_type=\"heading.default\">\n\t\t\t\t<div class=\"elementor-widget-container\">\n\t\t\t\t\t<h2 class=\"elementor-heading-title elementor-size-default\">Zones desservies par Verandaland pour l\u2019installation de v\u00e9randas<\/h2>\t\t\t\t<\/div>\n\t\t\t\t<\/div>\n\t\t\t\t\t<\/div>\n\t\t\t\t<\/div>\n\t\t<div class=\"elementor-element elementor-element-9bbc475 e-flex e-con-boxed e-con e-parent\" data-id=\"9bbc475\" data-element_type=\"container\" data-e-type=\"container\">\n\t\t\t\t\t<div class=\"e-con-inner\">\n\t\t<div class=\"elementor-element elementor-element-2dadd71 e-con-full e-flex e-con e-child\" data-id=\"2dadd71\" data-element_type=\"container\" data-e-type=\"container\">\n\t\t\t\t<div class=\"elementor-element elementor-element-063fc92 elementor-widget elementor-widget-heading\" data-id=\"063fc92\" data-element_type=\"widget\" data-e-type=\"widget\" data-widget_type=\"heading.default\">\n\t\t\t\t<div class=\"elementor-widget-container\">\n\t\t\t\t\t<h3 class=\"elementor-heading-title elementor-size-default\">Installation de v\u00e9randas | Flandre-Occidentale<\/h3>\t\t\t\t<\/div>\n\t\t\t\t<\/div>\n\t\t\t\t<div class=\"elementor-element elementor-element-558a491 elementor-widget elementor-widget-text-editor\" data-id=\"558a491\" data-element_type=\"widget\" data-e-type=\"widget\" data-widget_type=\"text-editor.default\">\n\t\t\t\t<div class=\"elementor-widget-container\">\n\t\t\t\t\t\t\t\t\t<p><a href=\"\/fr\/specialisations-de-verandaland\/veranda-bruges\/\">8000 Bruges<\/a><br \/><a href=\"\/fr\/specialisations-de-verandaland\/veranda-oostkamp\/\">8020 Oostkamp<\/a><br \/><a href=\"\/fr\/specialisations-de-verandaland\/veranda-zedelgem\/\">8210 Zedelgem<\/a><br \/><a href=\"\/fr\/specialisations-de-verandaland\/veranda-knokke-heist\/\">8300 Knokke-Heist<\/a><br \/><a href=\"\/fr\/specialisations-de-verandaland\/veranda-damme\/\">8340 Damme<\/a><br \/><a href=\"\/fr\/specialisations-de-verandaland\/veranda-blankenberge\/\">8370 Blankenberge<\/a><br \/><a href=\"\/fr\/specialisations-de-verandaland\/veranda-ostende\/\">8400 Ostende<\/a><br \/><a href=\"\/fr\/specialisations-de-verandaland\/veranda-le-coq-sur-mer\/\">8420 Le Coq-sur-Mer<\/a><br \/><a href=\"\/fr\/specialisations-de-verandaland\/veranda-middelkerke\/\">8430 Middelkerke<\/a><br \/><a href=\"\/fr\/specialisations-de-verandaland\/veranda-bredene\/\">8450 Bredene<\/a><br \/><a href=\"\/fr\/specialisations-de-verandaland\/veranda-oudenburg\/\">8460 Oudenburg<\/a><br \/><a href=\"\/fr\/specialisations-de-verandaland\/veranda-gistel\/\">8470 Gistel<\/a><br \/><a href=\"\/fr\/specialisations-de-verandaland\/veranda-ichtegem\/\">8480 Ichtegem<\/a><br \/><a href=\"\/fr\/specialisations-de-verandaland\/veranda-jabbeke\/\">8490 Jabbeke<\/a><br \/><a href=\"\/fr\/specialisations-de-verandaland\/veranda-courtrai\/\">8500 Courtrai<\/a><br \/><a href=\"\/fr\/specialisations-de-verandaland\/veranda-harelbeke\/\">8530 Harelbeke<\/a><br \/><a href=\"\/fr\/specialisations-de-verandaland\/veranda-deerlijk\/\">8540 Deerlijk<\/a><br \/><a href=\"\/fr\/specialisations-de-verandaland\/veranda-zwevegem\/\">8550 Zwevegem<\/a><br \/><a href=\"\/fr\/specialisations-de-verandaland\/veranda-wevelgem\/\">8560 Wevelgem<\/a><br \/><a href=\"\/fr\/specialisations-de-verandaland\/veranda-anzegem\/\">8570 Anzegem<\/a><br \/><a href=\"\/fr\/specialisations-de-verandaland\/veranda-avelgem\/\">8580 Avelgem<\/a><br \/><a href=\"\/fr\/specialisations-de-verandaland\/veranda-tielt\/\">8700 Tielt<\/a><br \/><a href=\"\/fr\/specialisations-de-verandaland\/veranda-wielsbeke\/\">8710 Wielsbeke<\/a><br \/><a href=\"\/fr\/specialisations-de-verandaland\/veranda-dentergem\/\">8720 Dentergem<\/a><br \/><a href=\"\/fr\/specialisations-de-verandaland\/veranda-beernem\/\">8730 Beernem<\/a><br \/><a href=\"\/fr\/specialisations-de-verandaland\/veranda-pittem\/\">8740 Pittem<\/a><br \/><a href=\"\/fr\/specialisations-de-verandaland\/veranda-wingene\/\">8750 Wingene<\/a><br \/><a href=\"\/fr\/specialisations-de-verandaland\/veranda-meulebeke\/\">8760 Meulebeke<\/a><br \/><a href=\"\/fr\/specialisations-de-verandaland\/veranda-ingelmunster\/\">8770 Ingelmunster<\/a><br \/><a href=\"\/fr\/specialisations-de-verandaland\/veranda-oostrozebeke\/\">8780 Oostrozebeke<\/a><br \/><a href=\"\/fr\/specialisations-de-verandaland\/veranda-waregem\/\">8790 Waregem<\/a><br \/><a href=\"\/fr\/specialisations-de-verandaland\/veranda-roulers\/\">8800 Roulers<\/a><br \/><a href=\"\/fr\/specialisations-de-verandaland\/veranda-lichtervelde\/\">8810 Lichtervelde<\/a><br \/><a href=\"\/fr\/specialisations-de-verandaland\/veranda-thourout\/\">8820 Thourout<\/a><br \/><a href=\"\/fr\/specialisations-de-verandaland\/veranda-hooglede\/\">8830 Hooglede<\/a><br \/><a href=\"\/fr\/specialisations-de-verandaland\/veranda-staden\/\">8840 Staden<\/a><br \/><a href=\"\/fr\/specialisations-de-verandaland\/veranda-ardooie\/\">8850 Ardooie<\/a><br \/><a href=\"\/fr\/specialisations-de-verandaland\/veranda-lendelede\/\">8860 Lendelede<\/a><br \/><a href=\"\/fr\/specialisations-de-verandaland\/veranda-iseghem\/\">8870 Iseghem<\/a><\/p>\t\t\t\t\t\t\t\t<\/div>\n\t\t\t\t<\/div>\n\t\t\t\t<\/div>\n\t\t<div class=\"elementor-element elementor-element-884c764 e-con-full e-flex e-con e-child\" data-id=\"884c764\" data-element_type=\"container\" data-e-type=\"container\">\n\t\t\t\t<div class=\"elementor-element elementor-element-efda3d4 elementor-widget elementor-widget-heading\" data-id=\"efda3d4\" data-element_type=\"widget\" data-e-type=\"widget\" data-widget_type=\"heading.default\">\n\t\t\t\t<div class=\"elementor-widget-container\">\n\t\t\t\t\t<h3 class=\"elementor-heading-title elementor-size-default\">Installation de v\u00e9randas | Flandre-Orientale<\/h3>\t\t\t\t<\/div>\n\t\t\t\t<\/div>\n\t\t\t\t<div class=\"elementor-element elementor-element-4d8b943 elementor-widget elementor-widget-text-editor\" data-id=\"4d8b943\" data-element_type=\"widget\" data-e-type=\"widget\" data-widget_type=\"text-editor.default\">\n\t\t\t\t<div class=\"elementor-widget-container\">\n\t\t\t\t\t\t\t\t\t<p><a href=\"\/fr\/specialisations-de-verandaland\/veranda-gand\/\">9000 Gand<\/a><br \/><a href=\"\/fr\/specialisations-de-verandaland\/veranda-destelbergen\/\">9070 Destelbergen<\/a><br \/><a href=\"\/fr\/specialisations-de-verandaland\/veranda-lochristi\/\">9080 Lochristi<\/a><br \/><a href=\"\/fr\/specialisations-de-verandaland\/veranda-melle\/\">9090 Melle<\/a><br \/><a href=\"\/fr\/specialisations-de-verandaland\/veranda-saint-nicolas\/\">9100 Saint-Nicolas<\/a><br \/><a href=\"\/fr\/specialisations-de-verandaland\/veranda-tamise\/\">9140 Tamise<\/a><br \/><a href=\"\/fr\/specialisations-de-verandaland\/veranda-lokeren\/\">9160 Lokeren<\/a><br \/><a href=\"\/fr\/specialisations-de-verandaland\/veranda-sint-gillis-waas\/\">9170 Sint-Gillis-Waas<\/a><br \/><a href=\"\/fr\/specialisations-de-verandaland\/veranda-termonde\/\">9200 Termonde<\/a><br \/><a href=\"\/fr\/specialisations-de-verandaland\/veranda-hamme\/\">9220 Hamme<\/a><br \/><a href=\"\/fr\/specialisations-de-verandaland\/veranda-wetteren\/\">9230 Wetteren<\/a><br \/><a href=\"\/fr\/specialisations-de-verandaland\/veranda-zele\/\">9240 Zele<\/a><br \/><a href=\"\/fr\/specialisations-de-verandaland\/veranda-waasmunster\/\">9250 Waasmunster<\/a><br \/><a href=\"\/fr\/specialisations-de-verandaland\/veranda-buggenhout\/\">9255 Buggenhout<\/a><br \/><a href=\"\/fr\/specialisations-de-verandaland\/veranda-wichelen\/\">9260 Wichelen<\/a><br \/><a href=\"\/fr\/specialisations-de-verandaland\/veranda-laarne\/\">9270 Laarne<\/a><br \/><a href=\"\/fr\/specialisations-de-verandaland\/veranda-lebbeke\/\">9280 Lebbeke<\/a><br \/><a href=\"\/fr\/specialisations-de-verandaland\/veranda-berlare\/\">9290 Berlare<\/a><br \/><a href=\"\/fr\/specialisations-de-verandaland\/veranda-alost\/\">9300 Alost<\/a><br \/><a href=\"\/fr\/specialisations-de-verandaland\/veranda-lede\/\">9340 Lede<\/a><br \/><a href=\"\/fr\/specialisations-de-verandaland\/veranda-ninove\/\">9400 Ninove<\/a><br \/><a href=\"\/fr\/specialisations-de-verandaland\/veranda-erpe-mere\/\">9420 Erpe-Mere<\/a><br \/><a href=\"\/fr\/specialisations-de-verandaland\/veranda-haaltert\/\">9450 Haaltert<\/a><br \/><a href=\"\/fr\/specialisations-de-verandaland\/veranda-denderleeuw\/\">9470 Denderleeuw<\/a><br \/><a href=\"\/fr\/specialisations-de-verandaland\/veranda-grammont\/\">9500 Grammont<\/a><br \/><a href=\"\/fr\/specialisations-de-verandaland\/veranda-herzele\/\">9550 Herzele<\/a><br \/><a href=\"\/fr\/specialisations-de-verandaland\/veranda-lierde\/\">9570 Lierde<\/a><br \/><a href=\"\/fr\/specialisations-de-verandaland\/veranda-renaix\/\">9600 Renaix<\/a><br \/><a href=\"\/fr\/specialisations-de-verandaland\/veranda-zottegem\/\">9620 Zottegem<\/a><br \/><a href=\"\/fr\/specialisations-de-verandaland\/veranda-zwalm\/\">9630 Zwalm<\/a><br \/><a href=\"\/fr\/specialisations-de-verandaland\/veranda-brakel\/\">9660 Brakel<\/a><br \/><a href=\"\/fr\/specialisations-de-verandaland\/veranda-maarkedal\/\">9680 Maarkedal<\/a><br \/><a href=\"\/fr\/specialisations-de-verandaland\/veranda-mont-de-lenclus\/\">9690 Mont-de-l&rsquo;Enclus<\/a><br \/><a href=\"\/fr\/specialisations-de-verandaland\/veranda-audenarde\/\">9700 Audenarde<\/a><\/p>\t\t\t\t\t\t\t\t<\/div>\n\t\t\t\t<\/div>\n\t\t\t\t<\/div>\n\t\t<div class=\"elementor-element elementor-element-b912fc3 e-con-full e-flex e-con e-child\" data-id=\"b912fc3\" data-element_type=\"container\" data-e-type=\"container\">\n\t\t\t\t<div class=\"elementor-element elementor-element-8cab4d4 elementor-widget elementor-widget-heading\" data-id=\"8cab4d4\" data-element_type=\"widget\" data-e-type=\"widget\" data-widget_type=\"heading.default\">\n\t\t\t\t<div class=\"elementor-widget-container\">\n\t\t\t\t\t<h3 class=\"elementor-heading-title elementor-size-default\">Installation de v\u00e9randas | Pajottenland<\/h3>\t\t\t\t<\/div>\n\t\t\t\t<\/div>\n\t\t\t\t<div class=\"elementor-element elementor-element-8a5d42c elementor-widget elementor-widget-text-editor\" data-id=\"8a5d42c\" data-element_type=\"widget\" data-e-type=\"widget\" data-widget_type=\"text-editor.default\">\n\t\t\t\t<div class=\"elementor-widget-container\">\n\t\t\t\t\t\t\t\t\t<p><a href=\"\/fr\/specialisations-de-verandaland\/veranda-hal\/\">1500 Hal<\/a><br \/><a href=\"\/fr\/specialisations-de-verandaland\/veranda-herinnes-lez-enghien\/\">1540 H\u00e9rinnes-lez-Enghien<\/a><br \/><a href=\"\/fr\/specialisations-de-verandaland\/veranda-bievene\/\">1547 Bi\u00e9v\u00e8ne<\/a><br \/><a href=\"\/fr\/specialisations-de-verandaland\/veranda-gammerages\/\">1570 Gammerages<\/a><br \/><a href=\"\/fr\/specialisations-de-verandaland\/veranda-leeuw-saint-pierre\/\">1600 Leeuw-Saint-Pierre<\/a><br \/><a href=\"\/fr\/specialisations-de-verandaland\/veranda-beersel\/\">1650 Beersel<\/a><br \/><a href=\"\/fr\/specialisations-de-verandaland\/veranda-pepingen\/\">1670 Pepingen<\/a><br \/><a href=\"\/fr\/specialisations-de-verandaland\/veranda-lennik\/\">1750 Lennik<\/a><br \/><a href=\"\/fr\/specialisations-de-verandaland\/veranda-gooyck\/\">1755 Gooyck<\/a><\/p>\t\t\t\t\t\t\t\t<\/div>\n\t\t\t\t<\/div>\n\t\t\t\t<\/div>\n\t\t<div class=\"elementor-element elementor-element-6755852 e-con-full e-flex e-con e-child\" data-id=\"6755852\" data-element_type=\"container\" data-e-type=\"container\">\n\t\t\t\t<div class=\"elementor-element elementor-element-a29f375 elementor-widget elementor-widget-heading\" data-id=\"a29f375\" data-element_type=\"widget\" data-e-type=\"widget\" data-widget_type=\"heading.default\">\n\t\t\t\t<div class=\"elementor-widget-container\">\n\t\t\t\t\t<h3 class=\"elementor-heading-title elementor-size-default\">Installation de v\u00e9randas | P\u00e9riph\u00e9rie de Bruxelles<\/h3>\t\t\t\t<\/div>\n\t\t\t\t<\/div>\n\t\t\t\t<div class=\"elementor-element elementor-element-0eff225 elementor-widget elementor-widget-text-editor\" data-id=\"0eff225\" data-element_type=\"widget\" data-e-type=\"widget\" data-widget_type=\"text-editor.default\">\n\t\t\t\t<div class=\"elementor-widget-container\">\n\t\t\t\t\t\t\t\t\t<p><a href=\"\/fr\/specialisations-de-verandaland\/veranda-dilbecq\/\">1700 Dilbecq<\/a><br \/><a href=\"\/fr\/specialisations-de-verandaland\/veranda-asse\/\">1730 Asse<\/a><br \/><a href=\"\/fr\/specialisations-de-verandaland\/veranda-ternat\/\">1740 Ternat<\/a><br \/><a href=\"\/fr\/specialisations-de-verandaland\/veranda-merchtem\/\">1785 Merchtem<\/a><br \/><a href=\"\/fr\/specialisations-de-verandaland\/veranda-opwijk\/\">1745 Opwijk<\/a><br \/><a href=\"\/fr\/specialisations-de-verandaland\/veranda-londerzeel\/\">1840 Londerzeel<\/a><\/p>\t\t\t\t\t\t\t\t<\/div>\n\t\t\t\t<\/div>\n\t\t\t\t<\/div>\n\t\t\t\t\t<\/div>\n\t\t\t\t<\/div>\n\t\t<div class=\"elementor-element elementor-element-2ef2589 e-flex e-con-boxed e-con e-parent\" data-id=\"2ef2589\" data-element_type=\"container\" data-e-type=\"container\">\n\t\t\t\t\t<div class=\"e-con-inner\">\n\t\t\t\t<div class=\"elementor-element elementor-element-716edfe elementor-widget elementor-widget-text-editor\" data-id=\"716edfe\" data-element_type=\"widget\" data-e-type=\"widget\" data-widget_type=\"text-editor.default\">\n\t\t\t\t<div class=\"elementor-widget-container\">\n\t\t\t\t\t\t\t\t\t<p>Avertissement : les images montrent des r\u00e9alisations et des syst\u00e8mes possibles. Tous les projets n\u2019ont pas \u00e9t\u00e9 r\u00e9alis\u00e9s par nos soins.<\/p>\t\t\t\t\t\t\t\t<\/div>\n\t\t\t\t<\/div>\n\t\t\t\t\t<\/div>\n\t\t\t\t<\/div>\n\t\t\t\t<\/div>\n\t\t","protected":false},"excerpt":{"rendered":"<p>V\u00e9randa \u00e0 Middelkerke Faites entrer l\u2019ext\u00e9rieur \u00e0 l\u2019int\u00e9rieur avec une v\u00e9randa \u00e0 Middelkerke Une v\u00e9randa comme extension ou agrandissement de maison \u00e0 Middelkerke Plus d\u2019espace, plus de lumi\u00e8re et plus de confort de vie Vous habitez \u00e0 Middelkerke et vous cherchez un constructeur de v\u00e9randas pour votre nouvelle v\u00e9randa ? Une extension de maison ou [&hellip;]<\/p>\n","protected":false},"author":2,"featured_media":0,"parent":11831,"menu_order":0,"comment_status":"closed","ping_status":"closed","template":"","meta":{"site-sidebar-layout":"no-sidebar","site-content-layout":"page-builder","ast-site-content-layout":"full-width-container","site-content-style":"default","site-sidebar-style":"default","ast-global-header-display":"","ast-banner-title-visibility":"","ast-main-header-display":"","ast-hfb-above-header-display":"","ast-hfb-below-header-display":"","ast-hfb-mobile-header-display":"","site-post-title":"disabled","ast-breadcrumbs-content":"","ast-featured-img":"disabled","footer-sml-layout":"","ast-disable-related-posts":"","theme-transparent-header-meta":"","adv-header-id-meta":"","stick-header-meta":"","header-above-stick-meta":"","header-main-stick-meta":"","header-below-stick-meta":"","astra-migrate-meta-layouts":"set","ast-page-background-enabled":"default","ast-page-background-meta":{"desktop":{"background-color":"","background-image":"","background-repeat":"repeat","background-position":"center center","background-size":"auto","background-attachment":"scroll","background-type":"","background-media":"","overlay-type":"","overlay-color":"","overlay-opacity":"","overlay-gradient":""},"tablet":{"background-color":"","background-image":"","background-repeat":"repeat","background-position":"center center","background-size":"auto","background-attachment":"scroll","background-type":"","background-media":"","overlay-type":"","overlay-color":"","overlay-opacity":"","overlay-gradient":""},"mobile":{"background-color":"","background-image":"","background-repeat":"repeat","background-position":"center center","background-size":"auto","background-attachment":"scroll","background-type":"","background-media":"","overlay-type":"","overlay-color":"","overlay-opacity":"","overlay-gradient":""}},"ast-content-background-meta":{"desktop":{"background-color":"var(--ast-global-color-5)","background-image":"","background-repeat":"repeat","background-position":"center center","background-size":"auto","background-attachment":"scroll","background-type":"","background-media":"","overlay-type":"","overlay-color":"","overlay-opacity":"","overlay-gradient":""},"tablet":{"background-color":"var(--ast-global-color-5)","background-image":"","background-repeat":"repeat","background-position":"center center","background-size":"auto","background-attachment":"scroll","background-type":"","background-media":"","overlay-type":"","overlay-color":"","overlay-opacity":"","overlay-gradient":""},"mobile":{"background-color":"var(--ast-global-color-5)","background-image":"","background-repeat":"repeat","background-position":"center center","background-size":"auto","background-attachment":"scroll","background-type":"","background-media":"","overlay-type":"","overlay-color":"","overlay-opacity":"","overlay-gradient":""}},"footnotes":""},"class_list":["post-12882","page","type-page","status-publish","hentry"],"_links":{"self":[{"href":"https:\/\/verandaland.be\/fr\/wp-json\/wp\/v2\/pages\/12882","targetHints":{"allow":["GET"]}}],"collection":[{"href":"https:\/\/verandaland.be\/fr\/wp-json\/wp\/v2\/pages"}],"about":[{"href":"https:\/\/verandaland.be\/fr\/wp-json\/wp\/v2\/types\/page"}],"author":[{"embeddable":true,"href":"https:\/\/verandaland.be\/fr\/wp-json\/wp\/v2\/users\/2"}],"replies":[{"embeddable":true,"href":"https:\/\/verandaland.be\/fr\/wp-json\/wp\/v2\/comments?post=12882"}],"version-history":[{"count":0,"href":"https:\/\/verandaland.be\/fr\/wp-json\/wp\/v2\/pages\/12882\/revisions"}],"up":[{"embeddable":true,"href":"https:\/\/verandaland.be\/fr\/wp-json\/wp\/v2\/pages\/11831"}],"wp:attachment":[{"href":"https:\/\/verandaland.be\/fr\/wp-json\/wp\/v2\/media?parent=12882"}],"curies":[{"name":"wp","href":"https:\/\/api.w.org\/{rel}","templated":true}]}}